{"id":13729,"date":"2019-02-28T17:31:03","date_gmt":"2019-02-28T16:31:03","guid":{"rendered":"https:\/\/michelspmks.de\/?post_type=portfolio&#038;p=13729"},"modified":"2026-04-13T13:53:34","modified_gmt":"2026-04-13T11:53:34","slug":"bella-silbersteinrechtsanwaeltin","status":"publish","type":"portfolio","link":"https:\/\/michelspmks.de\/de\/team\/bella-silberstein\/","title":{"rendered":"Bella Silberstein<br>Fachanw\u00e4ltin f\u00fcr Arbeitsrecht"},"content":{"rendered":"<div class=\"flex_column av_one_full  av-animated-generic fade-in  avia-full-stretch flex_column_div av-zero-column-padding first  avia-builder-el-0  el_before_av_section  avia-builder-el-no-sibling  \" style='background:url(https:\/\/michelspmks.de\/wp-content\/uploads\/2023\/02\/SilbersteinNEU.jpg) bottom center no-repeat ; border-radius:0px; '><div  id=\"team-header-start\"  class='avia-image-container avia_animated_image avia_animate_when_almost_visible fade-in av-styling-  noHover  av-overlay-hover-deactivate   avia-builder-el-1  avia-builder-el-no-sibling  team-header-start avia-align-center '  itemprop=\"image\" itemscope=\"itemscope\" itemtype=\"https:\/\/schema.org\/ImageObject\"  ><div class='avia-image-container-inner'><div class='avia-image-overlay-wrap'><div class='av-image-caption-overlay'><div class='av-caption-image-overlay-bg' style='opacity:0.1; background-color:#ffffff; '><\/div><div class='av-image-caption-overlay-position'><div class='av-image-caption-overlay-center' style='color:#000000; font-size:20px; '><p>Sekretariat,<br \/>\nHeike Jasper:<br \/>\n+49 211 542 047 10<\/p>\n<p><a>silberstein@michelspmks.de<\/a><br \/>\n<a href=\"https:\/\/michelspmks.de\/wp-content\/uploads\/2022\/09\/Frau-Bella-Silberstein.vcf\">V-CARD<\/a><\/p>\n<h1>Bella Silberstein<\/h1>\n<p>Fachanw\u00e4ltin f\u00fcr Arbeitsrecht<\/p>\n<\/div><\/div><\/div><img decoding=\"async\" class='wp-image-10438 avia-img-lazy-loading-not-10438 avia_image' src=\"https:\/\/michelspmks.de\/wp-content\/uploads\/2021\/01\/trans-2500-1667.png\" alt='michels.pmks K\u00f6ln' title='trans-2500-1667' height=\"1667\" width=\"2500\"  itemprop=\"thumbnailUrl\" srcset=\"https:\/\/michelspmks.de\/wp-content\/uploads\/2021\/01\/trans-2500-1667.png 2500w, https:\/\/michelspmks.de\/wp-content\/uploads\/2021\/01\/trans-2500-1667-300x200.png 300w, https:\/\/michelspmks.de\/wp-content\/uploads\/2021\/01\/trans-2500-1667-1030x687.png 1030w, https:\/\/michelspmks.de\/wp-content\/uploads\/2021\/01\/trans-2500-1667-768x512.png 768w, https:\/\/michelspmks.de\/wp-content\/uploads\/2021\/01\/trans-2500-1667-1536x1024.png 1536w, https:\/\/michelspmks.de\/wp-content\/uploads\/2021\/01\/trans-2500-1667-2048x1366.png 2048w, https:\/\/michelspmks.de\/wp-content\/uploads\/2021\/01\/trans-2500-1667-1500x1000.png 1500w, https:\/\/michelspmks.de\/wp-content\/uploads\/2021\/01\/trans-2500-1667-705x470.png 705w\" sizes=\"(max-width: 2500px) 100vw, 2500px\" \/><\/div><\/div><\/div><\/div>\n<\/div><\/div><\/div><!-- close content main div --><\/div><\/div><div id='av_section_1'  class='avia-section main_color avia-section-no-padding avia-no-border-styling  avia-bg-style-scroll  avia-builder-el-2  el_after_av_one_full  el_before_av_one_full  space_up  container_wrap fullsize' style=' '  ><div class='container' ><div class='template-page content  av-content-full alpha units'><div class='post-entry post-entry-type-page post-entry-13729'><div class='entry-content-wrapper clearfix'>\n<div class=\"flex_column av_one_full  flex_column_div av-zero-column-padding first  avia-builder-el-3  avia-builder-el-no-sibling  \" style='border-radius:0px; '><section class=\"av_textblock_section \"  itemscope=\"itemscope\" itemtype=\"https:\/\/schema.org\/CreativeWork\" ><div class='avia_textblock hd-team '   itemprop=\"text\" ><h2 style=\"text-align: left;\">\u201eBeratung auf Augenh\u00f6he \u2013 transparent, verst\u00e4ndlich und professionell.\u201c<\/h2>\n<\/div><\/section><br \/>\n<div  style='height:30px' class='hr hr-invisible   avia-builder-el-5  el_after_av_textblock  el_before_av_textblock '><span class='hr-inner ' ><span class='hr-inner-style'><\/span><\/span><\/div><br \/>\n<section class=\"av_textblock_section \"  itemscope=\"itemscope\" itemtype=\"https:\/\/schema.org\/CreativeWork\" ><div class='avia_textblock text-team '   itemprop=\"text\" ><p>Bella Silberstein ist am Standort D\u00fcsseldorf im Arbeitsrecht t\u00e4tig.<\/p>\n<p>Exzellente Beratung bedeutet f\u00fcr Bella Silberstein klare Kommunikation, enge Zusammenarbeit sowie interessenorientierte und juristisch fundierte Probleml\u00f6sung. Bei michels.pmks ist sie in die arbeitsrechtliche Dauerberatung und Prozessvertretung von Unternehmen und F\u00fchrungskr\u00e4ften eingebunden. Ihr Fokus liegt dabei auf s\u00e4mtlichen individuell- und betriebsverfassungsrechtlichen Themen und der Reorganisation von Unternehmen. Bella Silberstein ber\u00e4t ihre Mandanten insbesondere bei Vertragsgestaltungen und erforderlichen adhoc-L\u00f6sungen auf dem gesamten Gebiet des Arbeitsrechts sowie bei gerichtlichen und au\u00dfergerichtlichen Trennungsszenarien. Dar\u00fcber hinaus verf\u00fcgt Bella Silberstein \u00fcber erste Arbeitserfahrung auf dem Gebiet des Insolvenzrechts.<\/p>\n<\/div><\/section><\/p><\/div>\n<\/div><\/div><\/div><!-- close content main div --><\/div><\/div><div id='after_section_1'  class='main_color av_default_container_wrap container_wrap fullsize' style=' '  ><div class='container' ><div class='template-page content  av-content-full alpha units'><div class='post-entry post-entry-type-page post-entry-13729'><div class='entry-content-wrapper clearfix'>\n<div class=\"flex_column av_one_full  flex_column_div av-zero-column-padding first  avia-builder-el-7  el_after_av_section  el_before_av_section  avia-builder-el-no-sibling  \" style='border-radius:0px; '><div   id=\"team-toogler\"  class=\"togglecontainer  av-elegant-toggle toggle_close_all  avia-builder-el-8  avia-builder-el-no-sibling \" data-currentstyle='background-color:#fdd716; background:linear-gradient(to right, #fdd716, #ffffff); '>\n<section class=\"av_toggle_section\"  itemscope=\"itemscope\" itemtype=\"https:\/\/schema.org\/CreativeWork\"  >    <div role=\"tablist\" class=\"single_toggle\" data-tags=\"{Alle} \"  >        <p data-fake-id=\"#toggle-id-1\" class=\"toggler \"  itemprop=\"headline\"  style='background-color: #ffffff; ' data-hoverstyle='background-color: #fdd716; color: #ffffff; ' role=\"tab\" tabindex=\"0\" aria-controls=\"toggle-id-1\">Vita<span class=\"toggle_icon\" >        <span class=\"vert_icon\"><\/span><span class=\"hor_icon\"><\/span><\/span><\/p>        <div id=\"toggle-id-1\" class=\"toggle_wrap \"   >            <div class=\"toggle_content invers-color \"  itemprop=\"text\"  style='background-color: #ffffff; ' ><div class=\"et_pb_toggle_content clearfix\">\n<ul class=\"strichliste\">\n<li>Seit 2025: Fachanw\u00e4ltin f\u00fcr Arbeitsrecht<\/li>\n<li>Seit 2023: Rechtsanw\u00e4ltin bei michels.pmks<\/li>\n<li>2022 &#8211; 2023: Rechtsanw\u00e4ltin bei Lambrecht Partnerschaft von Rechtsanw\u00e4lten mbB<\/li>\n<li>2020-2022: Rechtsreferendariat im Bezirk des Oberlandesgerichts D\u00fcsseldorf<\/li>\n<li>2013-2019: Studium der Rechtswissenschaften an der Universit\u00e4t Bielefeld<\/li>\n<\/ul>\n<\/div>\n            <\/div>        <\/div>    <\/div><\/section>\n<section class=\"av_toggle_section\"  itemscope=\"itemscope\" itemtype=\"https:\/\/schema.org\/CreativeWork\"  >    <div role=\"tablist\" class=\"single_toggle\" data-tags=\"{Alle} \"  >        <p data-fake-id=\"#toggle-id-2\" class=\"toggler \"  itemprop=\"headline\"  style='background-color: #ffffff; ' data-hoverstyle='background-color: #fdd716; color: #ffffff; ' role=\"tab\" tabindex=\"0\" aria-controls=\"toggle-id-2\">Schwerpunkte<span class=\"toggle_icon\" >        <span class=\"vert_icon\"><\/span><span class=\"hor_icon\"><\/span><\/span><\/p>        <div id=\"toggle-id-2\" class=\"toggle_wrap \"   >            <div class=\"toggle_content invers-color \"  itemprop=\"text\"  style='background-color: #ffffff; ' ><div class=\"et_pb_toggle_content clearfix\">\n<ul class=\"strichliste\">\n<li>Dauerberatung von Unternehmen, Gesch\u00e4ftsf\u00fchrern und F\u00fchrungskr\u00e4ften auf dem Gebiet des Individual- und Kollektivarbeitsrechts<\/li>\n<li>Gerichtliche und au\u00dfergerichtliche Prozessvertretung<\/li>\n<li>Gestaltung zukunftsorientierter Organisations- und Arbeitszeitmodelle<\/li>\n<li>Restrukturierungen<\/li>\n<\/ul>\n<\/div>\n            <\/div>        <\/div>    <\/div><\/section>\n<section class=\"av_toggle_section\"  itemscope=\"itemscope\" itemtype=\"https:\/\/schema.org\/CreativeWork\"  >    <div role=\"tablist\" class=\"single_toggle\" data-tags=\"{Alle} \"  >        <p data-fake-id=\"#toggle-id-3\" class=\"toggler \"  itemprop=\"headline\"  style='background-color: #ffffff; ' data-hoverstyle='background-color: #fdd716; color: #ffffff; ' role=\"tab\" tabindex=\"0\" aria-controls=\"toggle-id-3\">Mitgliedschaften<span class=\"toggle_icon\" >        <span class=\"vert_icon\"><\/span><span class=\"hor_icon\"><\/span><\/span><\/p>        <div id=\"toggle-id-3\" class=\"toggle_wrap \"   >            <div class=\"toggle_content invers-color \"  itemprop=\"text\"  style='background-color: #ffffff; ' ><ul>\n<li>Deutscher Anwaltsverein<\/li>\n<li>D\u00fcsseldorfer Anwaltsverein<\/li>\n<li>Bielefeld Moot Court Association e.V.<\/li>\n<\/ul>\n            <\/div>        <\/div>    <\/div><\/section>\n<\/div><\/div>\n<\/div><\/div><\/div><!-- close content main div --><\/div><\/div><div id='team-cta-outer'  class='avia-section main_color avia-section-large avia-no-border-styling  avia-full-contain av-parallax-section avia-bg-style-parallax  avia-builder-el-9  el_after_av_one_full  el_before_av_button  bg_full  av-medium-hide av-small-hide av-mini-hide container_wrap fullsize' style=' '  data-section-bg-repeat='contain'><div class='av-parallax' data-avia-parallax-ratio='0.3' ><div class='av-parallax-inner main_color  avia-full-contain' style = 'background-repeat: no-repeat; background-image: url(https:\/\/michelspmks.de\/wp-content\/uploads\/2023\/02\/HANNAHKONDA-Fotografie_2_2.jpg);background-attachment: scroll; background-position: top left; ' ><\/div><\/div><div class='container' ><div class='template-page content  av-content-full alpha units'><div class='post-entry post-entry-type-page post-entry-13729'><div class='entry-content-wrapper clearfix'>\n<div  id=\"team-cta-inner\"  class='avia-image-container avia_animated_image avia_animate_when_almost_visible fade-in av-styling-  noHover  av-overlay-hover-deactivate   avia-builder-el-10  avia-builder-el-no-sibling  img_full_width avia-align-center '  itemprop=\"image\" itemscope=\"itemscope\" itemtype=\"https:\/\/schema.org\/ImageObject\"  ><div class='avia-image-container-inner'><div class='avia-image-overlay-wrap'><div class='av-image-caption-overlay'><div class='av-caption-image-overlay-bg' style='opacity:0.1; background-color:#000000; '><\/div><div class='av-image-caption-overlay-position'><div class='av-image-caption-overlay-center' style='color:#ffffff; '><h3>Kontaktieren Sie<br \/>\nBella Silberstein<\/h3>\n<div  class='avia-button-wrap avia-button-left  avia-builder-el-11  avia-builder-el-no-sibling ' ><a href='#team-header-start'  class='avia-button  avia-font-color-#000000  avia-icon_select-yes-right-icon avia-size-large avia-position-left '  style='background-color:#ffffff; border-color:#ffffff; ' ><span class='avia_iconbox_title' >Kontakt aufnehmen<\/span><span class='avia_button_icon avia_button_icon_right' aria-hidden='true' data-av_icon='\ue879' data-av_iconfont='entypo-fontello'><\/span><span class='avia_button_background avia-button avia-color-#ffffff' ><\/span><\/a><\/div>\n<\/div><\/div><\/div><img decoding=\"async\" class='wp-image-4302 avia-img-lazy-loading-not-4302 avia_image' src=\"https:\/\/michelspmks.de\/wp-content\/uploads\/2020\/11\/trans-2000-832.png\" alt='' title='trans-2000-832' height=\"832\" width=\"2000\"  itemprop=\"thumbnailUrl\" srcset=\"https:\/\/michelspmks.de\/wp-content\/uploads\/2020\/11\/trans-2000-832.png 2000w, https:\/\/michelspmks.de\/wp-content\/uploads\/2020\/11\/trans-2000-832-300x125.png 300w, https:\/\/michelspmks.de\/wp-content\/uploads\/2020\/11\/trans-2000-832-1030x428.png 1030w, https:\/\/michelspmks.de\/wp-content\/uploads\/2020\/11\/trans-2000-832-768x319.png 768w, https:\/\/michelspmks.de\/wp-content\/uploads\/2020\/11\/trans-2000-832-1536x639.png 1536w, https:\/\/michelspmks.de\/wp-content\/uploads\/2020\/11\/trans-2000-832-1500x624.png 1500w, https:\/\/michelspmks.de\/wp-content\/uploads\/2020\/11\/trans-2000-832-705x293.png 705w\" sizes=\"(max-width: 2000px) 100vw, 2000px\" \/><\/div><\/div><\/div>\n<\/div><\/div><\/div><!-- close content main div --><\/div><\/div><div id='after_section_2'  class='main_color av_default_container_wrap container_wrap fullsize' style=' '  ><div class='container' ><div class='template-page content  av-content-full alpha units'><div class='post-entry post-entry-type-page post-entry-13729'><div class='entry-content-wrapper clearfix'>\n<div  class='avia-button-wrap avia-button-left  avia-builder-el-12  el_after_av_section  el_before_av_postcontent  avia-builder-el-no-sibling ' ><a href='https:\/\/michelspmks.de\/de\/team\/'  class='avia-button  avia-color-light  avia-font-color-black  avia-icon_select-yes-left-icon avia-size-large avia-position-left '   ><span class='avia_button_icon avia_button_icon_left ' aria-hidden='true' data-av_icon='\ue878' data-av_iconfont='entypo-fontello'><\/span><span class='avia_iconbox_title' >Zur\u00fcck zur \u00dcbersicht<\/span><span class='avia_button_background avia-button avia-color-light' ><\/span><\/a><\/div>\n[av_slideshow_full size='no scaling' min_height='350' stretch='image_no_stretch' control_layout='av-control-minimal av-control-minimal-dark' src='' attachment='' attachment_size='' position='top left' repeat='no-repeat' attach='scroll' conditional_play='' animation='slide' transition_speed='' autoplay='true' interval='10' lazy_loading='disabled' av-mini-hide='aviaTBav-mini-hide' id='testimonial-slider' custom_class='slideshow' av_uid='av-kik0iqw7']\r\n[av_slide_full slide_type='image' id='5980' video='https:\/\/' mobile_image='' fallback_link='https:\/\/' title='\u201eEin sehr versiertes Beratungsteam mit gro\u00dfer Schlagkraft\u201c \u201eFeste Gr\u00f6\u00dfe im Arbeitsrecht\u201c ' video_format='' video_ratio='16:9' caption_pos='caption_right' custom_title_size='22' av-medium-font-size-title='' av-small-font-size-title='' av-mini-font-size-title='16' custom_content_size='18' av-medium-font-size='' av-small-font-size='' av-mini-font-size='' font_color='custom' custom_title='#000000' custom_content='#000000' heading_tag='' heading_class='' link_apply='' link='lightbox' link_target='' button_label='Click me' button_color='light' link1='manually,http:\/\/' link_target1='' button_label2='Click me' button_color2='light' link2='manually,http:\/\/' link_target2='' overlay_opacity='1' overlay_color='' overlay_pattern='custom' overlay_custom_pattern='https:\/\/michelspmks.de\/wp-content\/uploads\/2020\/12\/bg_helfen.png' av_uid='av-6y1k9' video_autoplay='' video_controls='' video_mute='' video_loop='' overlay_enable='']\r\n<span class=\"bold\">Arbeitsrecht\r\nJUVE Handbuch Wirtschaftskanzleien | Empfohlene Kanzlei im Arbeitsrecht. \u00ab JUVE HANDBUCH \u00ab JUVE<\/span>\r\n[\/av_slide_full]\r\n[av_slide_full slide_type='image' id='12792' video='https:\/\/' mobile_image='' fallback_link='https:\/\/' title='\u201eUnschlagbare Kompetenz\" \u201eDie Praxis um Dr. Kerrin Schillhorn z\u00e4hlt zu den festen Gr\u00f6\u00dfen im Krankenhausplanungsrecht\u201c' video_format='' video_ratio='16:9' caption_pos='caption_right' custom_title_size='22' av-medium-font-size-title='' av-small-font-size-title='' av-mini-font-size-title='16' custom_content_size='18' av-medium-font-size='' av-small-font-size='' av-mini-font-size='' font_color='custom' custom_title='#000000' custom_content='#000000' heading_tag='' heading_class='' link_apply='' link='lightbox' link_target='' button_label='Click me' button_color='light' link1='manually,http:\/\/' link_target1='' button_label2='Click me' button_color2='light' link2='manually,http:\/\/' link_target2='' overlay_opacity='1' overlay_color='' overlay_pattern='custom' overlay_custom_pattern='https:\/\/michelspmks.de\/wp-content\/uploads\/2020\/12\/bg_helfen.png' av_uid='av-p1u2h']\r\n<span class=\"bold\">Gesundheitsrecht\r\n<span class=\"bold\">JUVE Handbuch Wirtschaftskanzleien | Empfohlene Kanzlei im Gesundheitsrecht.\r\nJUVE HANDBUCH \u00ab JUVE<\/span>\r\n[\/av_slide_full]\r\n[av_slide_full slide_type='image' id='5979' video='https:\/\/' mobile_image='' fallback_link='https:\/\/' title='\u201eDie K\u00f6lner Boutique besticht durch schnelle und ergebnisorientierte\u201c Beratung auf der gesamten Bandbreite arbeitsrechtlicher Fragestellungen.\u201c' video_format='' video_ratio='16:9' caption_pos='caption_right' custom_title_size='22' av-medium-font-size-title='' av-small-font-size-title='' av-mini-font-size-title='16' custom_content_size='18' av-medium-font-size='' av-small-font-size='' av-mini-font-size='' font_color='custom' custom_title='#000000' custom_content='#000000' heading_tag='' heading_class='' link_apply='' link='lightbox' link_target='' button_label='Click me' button_color='light' link1='manually,http:\/\/' link_target1='' button_label2='Click me' button_color2='light' link2='manually,http:\/\/' link_target2='' overlay_opacity='1' overlay_color='' overlay_pattern='custom' overlay_custom_pattern='https:\/\/michelspmks.de\/wp-content\/uploads\/2020\/12\/bg_helfen.png' video_autoplay='' video_controls='' video_mute='' video_loop='' overlay_enable='' av_uid='av-5mw86h']\r\n<span class=\"bold\">Arbeitsrecht\r\n<span class=\"bold\">Handelsblatt | The Best Lawyers im Arbeitsrecht<\/span>\r\n[\/av_slide_full]\r\n[av_slide_full slide_type='image' id='12796' video='https:\/\/' mobile_image='' fallback_link='https:\/\/' title='Dr. Marcus Michels: \u201ekompetent\u201c, \u201e\u00fcber jeden Zweifel erhaben, souver\u00e4n, taktisch versiert u. ein hervorragender Jurist, sehr pr\u00e4sent im Projektgesch\u00e4ft, etwa bei Betriebs\u00e4nderungen\u201c.' video_format='' video_ratio='16:9' caption_pos='caption_right' custom_title_size='22' av-medium-font-size-title='' av-small-font-size-title='' av-mini-font-size-title='16' custom_content_size='18' av-medium-font-size='' av-small-font-size='' av-mini-font-size='' font_color='custom' custom_title='#000000' custom_content='#000000' heading_tag='' heading_class='' link_apply='' link='lightbox' link_target='' button_label='Click me' button_color='light' link1='manually,http:\/\/' link_target1='' button_label2='Click me' button_color2='light' link2='manually,http:\/\/' link_target2='' overlay_opacity='1' overlay_color='' overlay_pattern='custom' overlay_custom_pattern='https:\/\/michelspmks.de\/wp-content\/uploads\/2020\/12\/bg_helfen.png' av_uid='av-4068s9']\r\n<span class=\"bold\">Arbeitsrecht |\r\n<span class=\"bold\">Wettbewerber<\/span>\r\n[\/av_slide_full]\r\n[av_slide_full slide_type='image' id='10753' video='https:\/\/' mobile_image='' fallback_link='https:\/\/' title='\u201egenie\u00dft hohes Ansehen\u201c, \u201ebeeindruckende Expertise im Arbeitsmigrationsrecht und internationalen Arbeitsrecht\u201c ' video_format='' video_ratio='16:9' caption_pos='caption_right' custom_title_size='22' av-medium-font-size-title='' av-small-font-size-title='' av-mini-font-size-title='16' custom_content_size='18' av-medium-font-size='' av-small-font-size='' av-mini-font-size='' font_color='custom' custom_title='#000000' custom_content='#000000' heading_tag='' heading_class='' link_apply='' link='lightbox' link_target='' button_label='Click me' button_color='light' link1='manually,http:\/\/' link_target1='' button_label2='Click me' button_color2='light' link2='manually,http:\/\/' link_target2='' overlay_opacity='1' overlay_color='' overlay_pattern='custom' overlay_custom_pattern='https:\/\/michelspmks.de\/wp-content\/uploads\/2020\/12\/bg_helfen.png' video_autoplay='' video_controls='' video_mute='' video_loop='' overlay_enable='' av_uid='av-1wd4bt']\r\n<span class=\"bold\">Arbeitsrecht |\r\n<span class=\"bold\">Unternehmen und Wettbewerber \u00fcber Dr. Gunther M\u00e4vers<\/span>\r\n[\/av_slide_full]\r\n[av_slide_full slide_type='image' id='7034' video='https:\/\/' mobile_image='' fallback_link='https:\/\/' title='Dr. Sebastian Mai\u00df, \"Top-Berater\",\"sehr engagiert, kreativ, pr\u00e4sent u. gut vernetzt\" ' video_format='' video_ratio='16:9' caption_pos='caption_right' custom_title_size='22' av-medium-font-size-title='' av-small-font-size-title='' av-mini-font-size-title='16' custom_content_size='18' av-medium-font-size='' av-small-font-size='' av-mini-font-size='' font_color='custom' custom_title='#000000' custom_content='#000000' heading_tag='' heading_class='' link_apply='' link='lightbox' link_target='' button_label='Click me' button_color='light' link1='manually,http:\/\/' link_target1='' button_label2='Click me' button_color2='light' link2='manually,http:\/\/' link_target2='' overlay_opacity='1' overlay_color='' overlay_pattern='custom' overlay_custom_pattern='https:\/\/michelspmks.de\/wp-content\/uploads\/2020\/12\/bg_helfen.png' av_uid='av-32dohl' video_autoplay='' video_controls='' video_mute='' video_loop='' overlay_enable='']\r\n<span class=\"bold\">Arbeitsrecht |\r\n<span class=\"bold\">Mandant und Wettbewerber \u00fcber Dr. Sebastian Mai\u00df, Juve 2020\/2021<\/span>\r\n[\/av_slide_full]\r\n[\/av_slideshow_full]\r\n\r\n\n\n<section class=\"av_textblock_section \"  itemscope=\"itemscope\" itemtype=\"https:\/\/schema.org\/CreativeWork\" ><div class='avia_textblock  '   itemprop=\"text\" ><p>Klicke hier, um Ihren eigenen Text einzuf\u00fcgen<\/p>\n<\/div><\/section>\n","protected":false},"excerpt":{"rendered":"<p>This is a Page excerpt. It will be displayed for search results<\/p>\n","protected":false},"featured_media":13734,"comment_status":"closed","ping_status":"closed","template":"","tags":[],"portfolio_entries":[27,25],"yoast_head":"<!-- This site is optimized with the Yoast SEO plugin v22.8 - https:\/\/yoast.com\/wordpress\/plugins\/seo\/ -->\n<title>Bella SilbersteinFachanw\u00e4ltin f\u00fcr Arbeitsrecht \u203a michels.pmks<\/title>\n<meta name=\"description\" content=\"Bella Silberstein ist am Standort D\u00fcsseldorf im Arbeitsrecht t\u00e4tig. Exzellente Beratung bedeutet f\u00fcr Bella Silberstein klare Kommunikation, enge Zusammenarbeit sowie interessenorientierte und juristisch fundierte Probleml\u00f6sung. Bei michels.pmks ist sie in die arbeitsrechtliche Beratung und Prozessvertretung von Unternehmen und F\u00fchrungskr\u00e4ften eingebunden. Ihr Fokus liegt dabei auf betriebsverfassungsrechtlichen Themen und der Reorganisation von Betrieben und Unternehmen. Schon in ihrem Referendariat hat sie sich dem Arbeitsrecht zugewandt. Im Rahmen ihrer Stage bei Fieldfisher, einer internationalen Gro\u00dfkanzlei, betreute sie eine Vielzahl diverser Mandantenanfragen sowohl in Hinblick auf Fragen aus dem Individual- als auch Kollektivarbeitsrecht auf Deutsch und Englisch. In ihrer Wahlstation bei L\u2019Or\u00e9al, einem weltweit f\u00fchrenden Kosmetikunternehmen, unterst\u00fctzte sie die \u201eHuman Ressources\u201c-Abteilung mit ihrem juristischen Know-How, was unter anderem auch die Kommunikation und Vermittlung zwischen Betriebsr\u00e4ten, der Gesch\u00e4ftsf\u00fchrung und der Personalabteilung umfasste. Sie war direkte Ansprechpartnerin f\u00fcr HR-Mitarbeiter hinsichtlich s\u00e4mtlicher arbeitnehmerbezogenen Fragestellungen. Dar\u00fcber hinaus verf\u00fcgt Bella Silberstein \u00fcber erste Arbeitserfahrung auf dem Gebiet des Insolvenzrechts.\" \/>\n<meta name=\"robots\" content=\"index, follow, max-snippet:-1, max-image-preview:large, max-video-preview:-1\" \/>\n<link rel=\"canonical\" href=\"https:\/\/michelspmks.de\/de\/team\/bella-silberstein\/\" \/>\n<meta property=\"og:locale\" content=\"de_DE\" \/>\n<meta property=\"og:type\" content=\"article\" \/>\n<meta property=\"og:title\" content=\"Bella SilbersteinFachanw\u00e4ltin f\u00fcr Arbeitsrecht \u203a michels.pmks\" \/>\n<meta property=\"og:description\" content=\"Bella Silberstein ist am Standort D\u00fcsseldorf im Arbeitsrecht t\u00e4tig. Exzellente Beratung bedeutet f\u00fcr Bella Silberstein klare Kommunikation, enge Zusammenarbeit sowie interessenorientierte und juristisch fundierte Probleml\u00f6sung. Bei michels.pmks ist sie in die arbeitsrechtliche Beratung und Prozessvertretung von Unternehmen und F\u00fchrungskr\u00e4ften eingebunden. Ihr Fokus liegt dabei auf betriebsverfassungsrechtlichen Themen und der Reorganisation von Betrieben und Unternehmen. Schon in ihrem Referendariat hat sie sich dem Arbeitsrecht zugewandt. Im Rahmen ihrer Stage bei Fieldfisher, einer internationalen Gro\u00dfkanzlei, betreute sie eine Vielzahl diverser Mandantenanfragen sowohl in Hinblick auf Fragen aus dem Individual- als auch Kollektivarbeitsrecht auf Deutsch und Englisch. In ihrer Wahlstation bei L\u2019Or\u00e9al, einem weltweit f\u00fchrenden Kosmetikunternehmen, unterst\u00fctzte sie die \u201eHuman Ressources\u201c-Abteilung mit ihrem juristischen Know-How, was unter anderem auch die Kommunikation und Vermittlung zwischen Betriebsr\u00e4ten, der Gesch\u00e4ftsf\u00fchrung und der Personalabteilung umfasste. Sie war direkte Ansprechpartnerin f\u00fcr HR-Mitarbeiter hinsichtlich s\u00e4mtlicher arbeitnehmerbezogenen Fragestellungen. Dar\u00fcber hinaus verf\u00fcgt Bella Silberstein \u00fcber erste Arbeitserfahrung auf dem Gebiet des Insolvenzrechts.\" \/>\n<meta property=\"og:url\" content=\"https:\/\/michelspmks.de\/de\/team\/bella-silberstein\/\" \/>\n<meta property=\"og:site_name\" content=\"michels.pmks\" \/>\n<meta property=\"article:modified_time\" content=\"2026-04-13T11:53:34+00:00\" \/>\n<meta property=\"og:image\" content=\"https:\/\/michelspmks.de\/wp-content\/uploads\/2023\/02\/HANNAHKONDA-Fotografie_2_2.jpg\" \/>\n\t<meta property=\"og:image:width\" content=\"1280\" \/>\n\t<meta property=\"og:image:height\" content=\"854\" \/>\n\t<meta property=\"og:image:type\" content=\"image\/jpeg\" \/>\n<meta name=\"twitter:card\" content=\"summary_large_image\" \/>\n<script type=\"application\/ld+json\" class=\"yoast-schema-graph\">{\"@context\":\"https:\/\/schema.org\",\"@graph\":[{\"@type\":\"WebPage\",\"@id\":\"https:\/\/michelspmks.de\/de\/team\/bella-silberstein\/\",\"url\":\"https:\/\/michelspmks.de\/de\/team\/bella-silberstein\/\",\"name\":\"Bella Silberstein Fachanw\u00e4ltin f\u00fcr Arbeitsrecht \u203a michels.pmks\",\"isPartOf\":{\"@id\":\"https:\/\/michelspmks.de\/de\/#website\"},\"primaryImageOfPage\":{\"@id\":\"https:\/\/michelspmks.de\/de\/team\/bella-silberstein\/#primaryimage\"},\"image\":{\"@id\":\"https:\/\/michelspmks.de\/de\/team\/bella-silberstein\/#primaryimage\"},\"thumbnailUrl\":\"https:\/\/michelspmks.de\/wp-content\/uploads\/2023\/02\/HANNAHKONDA-Fotografie_2_2.jpg\",\"datePublished\":\"2019-02-28T16:31:03+00:00\",\"dateModified\":\"2026-04-13T11:53:34+00:00\",\"description\":\"Bella Silberstein ist am Standort D\u00fcsseldorf im Arbeitsrecht t\u00e4tig. Exzellente Beratung bedeutet f\u00fcr Bella Silberstein klare Kommunikation, enge Zusammenarbeit sowie interessenorientierte und juristisch fundierte Probleml\u00f6sung. Bei michels.pmks ist sie in die arbeitsrechtliche Beratung und Prozessvertretung von Unternehmen und F\u00fchrungskr\u00e4ften eingebunden. Ihr Fokus liegt dabei auf betriebsverfassungsrechtlichen Themen und der Reorganisation von Betrieben und Unternehmen. Schon in ihrem Referendariat hat sie sich dem Arbeitsrecht zugewandt. Im Rahmen ihrer Stage bei Fieldfisher, einer internationalen Gro\u00dfkanzlei, betreute sie eine Vielzahl diverser Mandantenanfragen sowohl in Hinblick auf Fragen aus dem Individual- als auch Kollektivarbeitsrecht auf Deutsch und Englisch. In ihrer Wahlstation bei L\u2019Or\u00e9al, einem weltweit f\u00fchrenden Kosmetikunternehmen, unterst\u00fctzte sie die \u201eHuman Ressources\u201c-Abteilung mit ihrem juristischen Know-How, was unter anderem auch die Kommunikation und Vermittlung zwischen Betriebsr\u00e4ten, der Gesch\u00e4ftsf\u00fchrung und der Personalabteilung umfasste. Sie war direkte Ansprechpartnerin f\u00fcr HR-Mitarbeiter hinsichtlich s\u00e4mtlicher arbeitnehmerbezogenen Fragestellungen. Dar\u00fcber hinaus verf\u00fcgt Bella Silberstein \u00fcber erste Arbeitserfahrung auf dem Gebiet des Insolvenzrechts.\",\"breadcrumb\":{\"@id\":\"https:\/\/michelspmks.de\/de\/team\/bella-silberstein\/#breadcrumb\"},\"inLanguage\":\"de\",\"potentialAction\":[{\"@type\":\"ReadAction\",\"target\":[\"https:\/\/michelspmks.de\/de\/team\/bella-silberstein\/\"]}]},{\"@type\":\"ImageObject\",\"inLanguage\":\"de\",\"@id\":\"https:\/\/michelspmks.de\/de\/team\/bella-silberstein\/#primaryimage\",\"url\":\"https:\/\/michelspmks.de\/wp-content\/uploads\/2023\/02\/HANNAHKONDA-Fotografie_2_2.jpg\",\"contentUrl\":\"https:\/\/michelspmks.de\/wp-content\/uploads\/2023\/02\/HANNAHKONDA-Fotografie_2_2.jpg\",\"width\":1280,\"height\":854,\"caption\":\"K\u00f6ln 11.2020\"},{\"@type\":\"BreadcrumbList\",\"@id\":\"https:\/\/michelspmks.de\/de\/team\/bella-silberstein\/#breadcrumb\",\"itemListElement\":[{\"@type\":\"ListItem\",\"position\":1,\"name\":\"Startseite\",\"item\":\"https:\/\/michelspmks.de\/de\/\"},{\"@type\":\"ListItem\",\"position\":2,\"name\":\"Bella SilbersteinFachanw\u00e4ltin f\u00fcr Arbeitsrecht\"}]},{\"@type\":\"WebSite\",\"@id\":\"https:\/\/michelspmks.de\/de\/#website\",\"url\":\"https:\/\/michelspmks.de\/de\/\",\"name\":\"michels.pmks\",\"description\":\"Fachanw\u00e4lte\",\"potentialAction\":[{\"@type\":\"SearchAction\",\"target\":{\"@type\":\"EntryPoint\",\"urlTemplate\":\"https:\/\/michelspmks.de\/de\/?s={search_term_string}\"},\"query-input\":\"required name=search_term_string\"}],\"inLanguage\":\"de\"}]}<\/script>\n<!-- \/ Yoast SEO plugin. -->","yoast_head_json":{"title":"Bella SilbersteinFachanw\u00e4ltin f\u00fcr Arbeitsrecht \u203a michels.pmks","description":"Bella Silberstein ist am Standort D\u00fcsseldorf im Arbeitsrecht t\u00e4tig. Exzellente Beratung bedeutet f\u00fcr Bella Silberstein klare Kommunikation, enge Zusammenarbeit sowie interessenorientierte und juristisch fundierte Probleml\u00f6sung. Bei michels.pmks ist sie in die arbeitsrechtliche Beratung und Prozessvertretung von Unternehmen und F\u00fchrungskr\u00e4ften eingebunden. Ihr Fokus liegt dabei auf betriebsverfassungsrechtlichen Themen und der Reorganisation von Betrieben und Unternehmen. Schon in ihrem Referendariat hat sie sich dem Arbeitsrecht zugewandt. Im Rahmen ihrer Stage bei Fieldfisher, einer internationalen Gro\u00dfkanzlei, betreute sie eine Vielzahl diverser Mandantenanfragen sowohl in Hinblick auf Fragen aus dem Individual- als auch Kollektivarbeitsrecht auf Deutsch und Englisch. In ihrer Wahlstation bei L\u2019Or\u00e9al, einem weltweit f\u00fchrenden Kosmetikunternehmen, unterst\u00fctzte sie die \u201eHuman Ressources\u201c-Abteilung mit ihrem juristischen Know-How, was unter anderem auch die Kommunikation und Vermittlung zwischen Betriebsr\u00e4ten, der Gesch\u00e4ftsf\u00fchrung und der Personalabteilung umfasste. Sie war direkte Ansprechpartnerin f\u00fcr HR-Mitarbeiter hinsichtlich s\u00e4mtlicher arbeitnehmerbezogenen Fragestellungen. Dar\u00fcber hinaus verf\u00fcgt Bella Silberstein \u00fcber erste Arbeitserfahrung auf dem Gebiet des Insolvenzrechts.","robots":{"index":"index","follow":"follow","max-snippet":"max-snippet:-1","max-image-preview":"max-image-preview:large","max-video-preview":"max-video-preview:-1"},"canonical":"https:\/\/michelspmks.de\/de\/team\/bella-silberstein\/","og_locale":"de_DE","og_type":"article","og_title":"Bella SilbersteinFachanw\u00e4ltin f\u00fcr Arbeitsrecht \u203a michels.pmks","og_description":"Bella Silberstein ist am Standort D\u00fcsseldorf im Arbeitsrecht t\u00e4tig. Exzellente Beratung bedeutet f\u00fcr Bella Silberstein klare Kommunikation, enge Zusammenarbeit sowie interessenorientierte und juristisch fundierte Probleml\u00f6sung. Bei michels.pmks ist sie in die arbeitsrechtliche Beratung und Prozessvertretung von Unternehmen und F\u00fchrungskr\u00e4ften eingebunden. Ihr Fokus liegt dabei auf betriebsverfassungsrechtlichen Themen und der Reorganisation von Betrieben und Unternehmen. Schon in ihrem Referendariat hat sie sich dem Arbeitsrecht zugewandt. Im Rahmen ihrer Stage bei Fieldfisher, einer internationalen Gro\u00dfkanzlei, betreute sie eine Vielzahl diverser Mandantenanfragen sowohl in Hinblick auf Fragen aus dem Individual- als auch Kollektivarbeitsrecht auf Deutsch und Englisch. In ihrer Wahlstation bei L\u2019Or\u00e9al, einem weltweit f\u00fchrenden Kosmetikunternehmen, unterst\u00fctzte sie die \u201eHuman Ressources\u201c-Abteilung mit ihrem juristischen Know-How, was unter anderem auch die Kommunikation und Vermittlung zwischen Betriebsr\u00e4ten, der Gesch\u00e4ftsf\u00fchrung und der Personalabteilung umfasste. Sie war direkte Ansprechpartnerin f\u00fcr HR-Mitarbeiter hinsichtlich s\u00e4mtlicher arbeitnehmerbezogenen Fragestellungen. Dar\u00fcber hinaus verf\u00fcgt Bella Silberstein \u00fcber erste Arbeitserfahrung auf dem Gebiet des Insolvenzrechts.","og_url":"https:\/\/michelspmks.de\/de\/team\/bella-silberstein\/","og_site_name":"michels.pmks","article_modified_time":"2026-04-13T11:53:34+00:00","og_image":[{"width":1280,"height":854,"url":"https:\/\/michelspmks.de\/wp-content\/uploads\/2023\/02\/HANNAHKONDA-Fotografie_2_2.jpg","type":"image\/jpeg"}],"twitter_card":"summary_large_image","schema":{"@context":"https:\/\/schema.org","@graph":[{"@type":"WebPage","@id":"https:\/\/michelspmks.de\/de\/team\/bella-silberstein\/","url":"https:\/\/michelspmks.de\/de\/team\/bella-silberstein\/","name":"Bella Silberstein Fachanw\u00e4ltin f\u00fcr Arbeitsrecht \u203a michels.pmks","isPartOf":{"@id":"https:\/\/michelspmks.de\/de\/#website"},"primaryImageOfPage":{"@id":"https:\/\/michelspmks.de\/de\/team\/bella-silberstein\/#primaryimage"},"image":{"@id":"https:\/\/michelspmks.de\/de\/team\/bella-silberstein\/#primaryimage"},"thumbnailUrl":"https:\/\/michelspmks.de\/wp-content\/uploads\/2023\/02\/HANNAHKONDA-Fotografie_2_2.jpg","datePublished":"2019-02-28T16:31:03+00:00","dateModified":"2026-04-13T11:53:34+00:00","description":"Bella Silberstein ist am Standort D\u00fcsseldorf im Arbeitsrecht t\u00e4tig. Exzellente Beratung bedeutet f\u00fcr Bella Silberstein klare Kommunikation, enge Zusammenarbeit sowie interessenorientierte und juristisch fundierte Probleml\u00f6sung. Bei michels.pmks ist sie in die arbeitsrechtliche Beratung und Prozessvertretung von Unternehmen und F\u00fchrungskr\u00e4ften eingebunden. Ihr Fokus liegt dabei auf betriebsverfassungsrechtlichen Themen und der Reorganisation von Betrieben und Unternehmen. Schon in ihrem Referendariat hat sie sich dem Arbeitsrecht zugewandt. Im Rahmen ihrer Stage bei Fieldfisher, einer internationalen Gro\u00dfkanzlei, betreute sie eine Vielzahl diverser Mandantenanfragen sowohl in Hinblick auf Fragen aus dem Individual- als auch Kollektivarbeitsrecht auf Deutsch und Englisch. In ihrer Wahlstation bei L\u2019Or\u00e9al, einem weltweit f\u00fchrenden Kosmetikunternehmen, unterst\u00fctzte sie die \u201eHuman Ressources\u201c-Abteilung mit ihrem juristischen Know-How, was unter anderem auch die Kommunikation und Vermittlung zwischen Betriebsr\u00e4ten, der Gesch\u00e4ftsf\u00fchrung und der Personalabteilung umfasste. Sie war direkte Ansprechpartnerin f\u00fcr HR-Mitarbeiter hinsichtlich s\u00e4mtlicher arbeitnehmerbezogenen Fragestellungen. Dar\u00fcber hinaus verf\u00fcgt Bella Silberstein \u00fcber erste Arbeitserfahrung auf dem Gebiet des Insolvenzrechts.","breadcrumb":{"@id":"https:\/\/michelspmks.de\/de\/team\/bella-silberstein\/#breadcrumb"},"inLanguage":"de","potentialAction":[{"@type":"ReadAction","target":["https:\/\/michelspmks.de\/de\/team\/bella-silberstein\/"]}]},{"@type":"ImageObject","inLanguage":"de","@id":"https:\/\/michelspmks.de\/de\/team\/bella-silberstein\/#primaryimage","url":"https:\/\/michelspmks.de\/wp-content\/uploads\/2023\/02\/HANNAHKONDA-Fotografie_2_2.jpg","contentUrl":"https:\/\/michelspmks.de\/wp-content\/uploads\/2023\/02\/HANNAHKONDA-Fotografie_2_2.jpg","width":1280,"height":854,"caption":"K\u00f6ln 11.2020"},{"@type":"BreadcrumbList","@id":"https:\/\/michelspmks.de\/de\/team\/bella-silberstein\/#breadcrumb","itemListElement":[{"@type":"ListItem","position":1,"name":"Startseite","item":"https:\/\/michelspmks.de\/de\/"},{"@type":"ListItem","position":2,"name":"Bella SilbersteinFachanw\u00e4ltin f\u00fcr Arbeitsrecht"}]},{"@type":"WebSite","@id":"https:\/\/michelspmks.de\/de\/#website","url":"https:\/\/michelspmks.de\/de\/","name":"michels.pmks","description":"Fachanw\u00e4lte","potentialAction":[{"@type":"SearchAction","target":{"@type":"EntryPoint","urlTemplate":"https:\/\/michelspmks.de\/de\/?s={search_term_string}"},"query-input":"required name=search_term_string"}],"inLanguage":"de"}]}},"_links":{"self":[{"href":"https:\/\/michelspmks.de\/de\/wp-json\/wp\/v2\/portfolio\/13729"}],"collection":[{"href":"https:\/\/michelspmks.de\/de\/wp-json\/wp\/v2\/portfolio"}],"about":[{"href":"https:\/\/michelspmks.de\/de\/wp-json\/wp\/v2\/types\/portfolio"}],"replies":[{"embeddable":true,"href":"https:\/\/michelspmks.de\/de\/wp-json\/wp\/v2\/comments?post=13729"}],"version-history":[{"count":11,"href":"https:\/\/michelspmks.de\/de\/wp-json\/wp\/v2\/portfolio\/13729\/revisions"}],"predecessor-version":[{"id":13739,"href":"https:\/\/michelspmks.de\/de\/wp-json\/wp\/v2\/portfolio\/13729\/revisions\/13739"}],"wp:featuredmedia":[{"embeddable":true,"href":"https:\/\/michelspmks.de\/de\/wp-json\/wp\/v2\/media\/13734"}],"wp:attachment":[{"href":"https:\/\/michelspmks.de\/de\/wp-json\/wp\/v2\/media?parent=13729"}],"wp:term":[{"taxonomy":"post_tag","embeddable":true,"href":"https:\/\/michelspmks.de\/de\/wp-json\/wp\/v2\/tags?post=13729"},{"taxonomy":"portfolio_entries","embeddable":true,"href":"https:\/\/michelspmks.de\/de\/wp-json\/wp\/v2\/portfolio_entries?post=13729"}],"curies":[{"name":"wp","href":"https:\/\/api.w.org\/{rel}","templated":true}]}}